{"id":3571,"date":"2018-04-08T01:23:31","date_gmt":"2018-04-08T01:23:31","guid":{"rendered":"https:\/\/mil.link\/pl\/?page_id=3571"},"modified":"2018-04-11T17:51:41","modified_gmt":"2018-04-11T17:51:41","slug":"home","status":"publish","type":"page","link":"https:\/\/mil.link\/pl\/","title":{"rendered":"Home"},"content":{"rendered":"<div id=\"carousel\" class=\"carousel slide\" data-ride=\"carousel\">\n\n  <div class=\"carousel-inner\">\n\n      \n      <div class=\"carousel-item active\">\n\n        <img width=\"2560\" height=\"1463\" src=\"https:\/\/mil.link\/pl\/wp-content\/uploads\/2021\/05\/robot-playing-a-game-of-chess-233TQKJ-scaled.jpg\" class=\"d-block w-100 carousel-image wp-post-image\" alt=\"\" loading=\"lazy\" title=\"First slide\" srcset=\"https:\/\/mil.link\/pl\/wp-content\/uploads\/2021\/05\/robot-playing-a-game-of-chess-233TQKJ-scaled.jpg 2560w, https:\/\/mil.link\/pl\/wp-content\/uploads\/2021\/05\/robot-playing-a-game-of-chess-233TQKJ-300x171.jpg 300w, https:\/\/mil.link\/pl\/wp-content\/uploads\/2021\/05\/robot-playing-a-game-of-chess-233TQKJ-1024x585.jpg 1024w, https:\/\/mil.link\/pl\/wp-content\/uploads\/2021\/05\/robot-playing-a-game-of-chess-233TQKJ-768x439.jpg 768w, https:\/\/mil.link\/pl\/wp-content\/uploads\/2021\/05\/robot-playing-a-game-of-chess-233TQKJ-1536x878.jpg 1536w, https:\/\/mil.link\/pl\/wp-content\/uploads\/2021\/05\/robot-playing-a-game-of-chess-233TQKJ-2048x1170.jpg 2048w\" sizes=\"(max-width: 2560px) 100vw, 2560px\" \/>\n        <div class=\"carousel-caption d-block\">\n\n          <h3><a href=\"https:\/\/mil.link\/pl\/cybernetyka-glupcze-czyli-o-tym-jak-gru-atakuje-polske\/\">Cybernetyka, g\u0142upcze! Czyli o tym, jak GRU atakuje Polsk\u0119<\/a><\/h3>\n\n          <p class=\"d-sm-block d-md-none\"><a href=\"https:\/\/mil.link\/pl\/cybernetyka-glupcze-czyli-o-tym-jak-gru-atakuje-polske\/\">Ostatnimi czasy w mediach sporo miejsca zajmuj\u0105 tematy zwi\u0105zane z...<\/a><\/p>\n        \n          <p class=\"d-none d-md-block\"><a href=\"https:\/\/mil.link\/pl\/cybernetyka-glupcze-czyli-o-tym-jak-gru-atakuje-polske\/\">Ostatnimi czasy w mediach sporo miejsca zajmuj\u0105 tematy zwi\u0105zane z Be\u0142chatowem i polskim systemem energetycznym, maj\u0105cym dla pa\u0144stwa strategiczne znaczenie....<\/a><\/p>\n\n        <\/div><!-- \/.carousel-caption -->\n\n      <\/div><!-- \/.carousel-item -->\n\n      \n      \n\n\n      \n    <div class=\"carousel-item\">\n\n      <img width=\"1280\" height=\"759\" src=\"https:\/\/mil.link\/pl\/wp-content\/uploads\/2021\/03\/globe-6002422_1280.jpg\" class=\"d-block w-100 carousel-image wp-post-image\" alt=\"\" loading=\"lazy\" title=\"Second Slide\" srcset=\"https:\/\/mil.link\/pl\/wp-content\/uploads\/2021\/03\/globe-6002422_1280.jpg 1280w, https:\/\/mil.link\/pl\/wp-content\/uploads\/2021\/03\/globe-6002422_1280-300x178.jpg 300w, https:\/\/mil.link\/pl\/wp-content\/uploads\/2021\/03\/globe-6002422_1280-1024x607.jpg 1024w, https:\/\/mil.link\/pl\/wp-content\/uploads\/2021\/03\/globe-6002422_1280-768x455.jpg 768w\" sizes=\"(max-width: 1280px) 100vw, 1280px\" \/>\n      <div class=\"carousel-caption d-block\">\n\n        <h3><a href=\"https:\/\/mil.link\/pl\/szczepionkowe-operacje-informacyjno-psychologiczne\/\">Szczepionkowe operacje informacyjno-psychologiczne<\/a><\/h3>\n\n        <p class=\"d-sm-block d-md-none\"><a href=\"https:\/\/mil.link\/pl\/szczepionkowe-operacje-informacyjno-psychologiczne\/\">Zestawienie kilku og\u00f3lnodost\u0119pnych&nbsp;fakt\u00f3w, pozwalawzbudzi\u0107 do\u015b\u0107 spore w\u0105tpliwo\u015bci co do stanu...<\/a><\/p>\n        \n        <p class=\"d-none d-md-block\"><a href=\"https:\/\/mil.link\/pl\/szczepionkowe-operacje-informacyjno-psychologiczne\/\">Zestawienie kilku og\u00f3lnodost\u0119pnych&nbsp;fakt\u00f3w, pozwalawzbudzi\u0107 do\u015b\u0107 spore w\u0105tpliwo\u015bci co do stanu faktycznego dotycz\u0105cego szczepionek i intencji powi\u0105zanych z nimi podmiot\u00f3w. W\u0105tpliwo\u015bci,...<\/a><\/p>\n\n      <\/div><!-- \/.carousel-caption -->\n\n    <\/div><!-- \/.carousel-item -->\n\n      \n    <div class=\"carousel-item\">\n\n      <img width=\"2560\" height=\"1707\" src=\"https:\/\/mil.link\/pl\/wp-content\/uploads\/2020\/04\/female-epidemiologist-using-medical-sample-test-tu-BUERTW8-scaled.jpg\" class=\"d-block w-100 carousel-image wp-post-image\" alt=\"\" loading=\"lazy\" title=\"Second Slide\" srcset=\"https:\/\/mil.link\/pl\/wp-content\/uploads\/2020\/04\/female-epidemiologist-using-medical-sample-test-tu-BUERTW8-scaled.jpg 2560w, https:\/\/mil.link\/pl\/wp-content\/uploads\/2020\/04\/female-epidemiologist-using-medical-sample-test-tu-BUERTW8-300x200.jpg 300w, https:\/\/mil.link\/pl\/wp-content\/uploads\/2020\/04\/female-epidemiologist-using-medical-sample-test-tu-BUERTW8-1024x683.jpg 1024w, https:\/\/mil.link\/pl\/wp-content\/uploads\/2020\/04\/female-epidemiologist-using-medical-sample-test-tu-BUERTW8-768x512.jpg 768w, https:\/\/mil.link\/pl\/wp-content\/uploads\/2020\/04\/female-epidemiologist-using-medical-sample-test-tu-BUERTW8-1536x1024.jpg 1536w, https:\/\/mil.link\/pl\/wp-content\/uploads\/2020\/04\/female-epidemiologist-using-medical-sample-test-tu-BUERTW8-2048x1365.jpg 2048w\" sizes=\"(max-width: 2560px) 100vw, 2560px\" \/>\n      <div class=\"carousel-caption d-block\">\n\n        <h3><a href=\"https:\/\/mil.link\/pl\/covid-19-w-polsce-pytania-i-watpliwosci\/\">COVID-19 w Polsce &#8211; pytania i w\u0105tpliwo\u015bci<\/a><\/h3>\n\n        <p class=\"d-sm-block d-md-none\"><a href=\"https:\/\/mil.link\/pl\/covid-19-w-polsce-pytania-i-watpliwosci\/\">Poni\u017cszy artyku\u0142 to zestaw pyta\u0144, w\u0105tpliwo\u015bci i wst\u0119pnych wniosk\u00f3w, zwi\u0105zanych...<\/a><\/p>\n        \n        <p class=\"d-none d-md-block\"><a href=\"https:\/\/mil.link\/pl\/covid-19-w-polsce-pytania-i-watpliwosci\/\">Poni\u017cszy artyku\u0142 to zestaw pyta\u0144, w\u0105tpliwo\u015bci i wst\u0119pnych wniosk\u00f3w, zwi\u0105zanych z obecn\u0105 sytuacj\u0105 w Polsce w aspekcie zagro\u017cenia koronawirusem COVID-19....<\/a><\/p>\n\n      <\/div><!-- \/.carousel-caption -->\n\n    <\/div><!-- \/.carousel-item -->\n\n      \n    <div class=\"carousel-item\">\n\n      <img width=\"2200\" height=\"1425\" src=\"https:\/\/mil.link\/pl\/wp-content\/uploads\/2020\/03\/downtown-warsaw-at-night-PY5TWZG-scaled-e1585690417797.jpg\" class=\"d-block w-100 carousel-image wp-post-image\" alt=\"\" loading=\"lazy\" title=\"Second Slide\" \/>\n      <div class=\"carousel-caption d-block\">\n\n        <h3><a href=\"https:\/\/mil.link\/pl\/pilne-potrzeby-bezpieczenstwa-narodowego\/\">Pilne potrzeby bezpiecze\u0144stwa narodowego<\/a><\/h3>\n\n        <p class=\"d-sm-block d-md-none\"><a href=\"https:\/\/mil.link\/pl\/pilne-potrzeby-bezpieczenstwa-narodowego\/\">Zaistnia\u0142a sytuacja zwi\u0105zana z pandemi\u0105 i zagro\u017ceniem COVID-19 brutalnie obna\u017cy\u0142a...<\/a><\/p>\n        \n        <p class=\"d-none d-md-block\"><a href=\"https:\/\/mil.link\/pl\/pilne-potrzeby-bezpieczenstwa-narodowego\/\">Zaistnia\u0142a sytuacja zwi\u0105zana z pandemi\u0105 i zagro\u017ceniem COVID-19 brutalnie obna\u017cy\u0142a przygotowanie aparatu pa\u0144stwa na sytuacje kryzysowe, wieloletnie zaniedbania, brak wyobra\u017ani...<\/a><\/p>\n\n      <\/div><!-- \/.carousel-caption -->\n\n    <\/div><!-- \/.carousel-item -->\n\n      \n    <div class=\"carousel-item\">\n\n      <img width=\"1800\" height=\"1192\" src=\"https:\/\/mil.link\/pl\/wp-content\/uploads\/2018\/01\/putin-2847423_1920-e1579826403403.jpg\" class=\"d-block w-100 carousel-image wp-post-image\" alt=\"\" loading=\"lazy\" title=\"Second Slide\" \/>\n      <div class=\"carousel-caption d-block\">\n\n        <h3><a href=\"https:\/\/mil.link\/pl\/dlaczego-rosja-atakuje-polske-to-proste\/\">Dlaczego Rosja atakuje Polsk\u0119? To proste<\/a><\/h3>\n\n        <p class=\"d-sm-block d-md-none\"><a href=\"https:\/\/mil.link\/pl\/dlaczego-rosja-atakuje-polske-to-proste\/\">Ostatnimi czasy obserwujemy wzmo\u017cone dzia\u0142ania rosyjskiego aparatu w\u0142adzy wymierzone w...<\/a><\/p>\n        \n        <p class=\"d-none d-md-block\"><a href=\"https:\/\/mil.link\/pl\/dlaczego-rosja-atakuje-polske-to-proste\/\">Ostatnimi czasy obserwujemy wzmo\u017cone dzia\u0142ania rosyjskiego aparatu w\u0142adzy wymierzone w Polsk\u0119. Dzia\u0142ania te zwi\u0105zane s\u0105 z rocznic\u0105 wyzwolenia niemieckiego obozu...<\/a><\/p>\n\n      <\/div><!-- \/.carousel-caption -->\n\n    <\/div><!-- \/.carousel-item -->\n\n      \n    <div class=\"carousel-item\">\n\n      <img width=\"2500\" height=\"1875\" src=\"https:\/\/mil.link\/pl\/wp-content\/uploads\/2020\/01\/mil-link-abw.jpg\" class=\"d-block w-100 carousel-image wp-post-image\" alt=\"\" loading=\"lazy\" title=\"Second Slide\" srcset=\"https:\/\/mil.link\/pl\/wp-content\/uploads\/2020\/01\/mil-link-abw.jpg 2500w, https:\/\/mil.link\/pl\/wp-content\/uploads\/2020\/01\/mil-link-abw-300x225.jpg 300w, https:\/\/mil.link\/pl\/wp-content\/uploads\/2020\/01\/mil-link-abw-768x576.jpg 768w, https:\/\/mil.link\/pl\/wp-content\/uploads\/2020\/01\/mil-link-abw-1024x768.jpg 1024w\" sizes=\"(max-width: 2500px) 100vw, 2500px\" \/>\n      <div class=\"carousel-caption d-block\">\n\n        <h3><a href=\"https:\/\/mil.link\/pl\/polskie-sluzby-specjalne-potrzeba-zmian-systemowych\/\">Polskie s\u0142u\u017cby specjalne &#8211; potrzeba zmian systemowych<\/a><\/h3>\n\n        <p class=\"d-sm-block d-md-none\"><a href=\"https:\/\/mil.link\/pl\/polskie-sluzby-specjalne-potrzeba-zmian-systemowych\/\">S\u0142u\u017cby specjalne z natury pozostaj\u0105 w zainteresowaniu opinii publicznej, medi\u00f3w,...<\/a><\/p>\n        \n        <p class=\"d-none d-md-block\"><a href=\"https:\/\/mil.link\/pl\/polskie-sluzby-specjalne-potrzeba-zmian-systemowych\/\">S\u0142u\u017cby specjalne z natury pozostaj\u0105 w zainteresowaniu opinii publicznej, medi\u00f3w, organizacji pozarz\u0105dowych oraz oczywi\u015bcie polityk\u00f3w a ostatecznie rz\u0105du. Wynika to...<\/a><\/p>\n\n      <\/div><!-- \/.carousel-caption -->\n\n    <\/div><!-- \/.carousel-item -->\n\n      \n    <div class=\"carousel-item\">\n\n      <img width=\"1650\" height=\"1100\" src=\"https:\/\/mil.link\/pl\/wp-content\/uploads\/2019\/08\/68696698_2399782160089363_7291664354645114880_o.jpg\" class=\"d-block w-100 carousel-image wp-post-image\" alt=\"\" loading=\"lazy\" title=\"Second Slide\" srcset=\"https:\/\/mil.link\/pl\/wp-content\/uploads\/2019\/08\/68696698_2399782160089363_7291664354645114880_o.jpg 1650w, https:\/\/mil.link\/pl\/wp-content\/uploads\/2019\/08\/68696698_2399782160089363_7291664354645114880_o-300x200.jpg 300w, https:\/\/mil.link\/pl\/wp-content\/uploads\/2019\/08\/68696698_2399782160089363_7291664354645114880_o-768x512.jpg 768w, https:\/\/mil.link\/pl\/wp-content\/uploads\/2019\/08\/68696698_2399782160089363_7291664354645114880_o-1024x683.jpg 1024w\" sizes=\"(max-width: 1650px) 100vw, 1650px\" \/>\n      <div class=\"carousel-caption d-block\">\n\n        <h3><a href=\"https:\/\/mil.link\/pl\/wspaniala-defilada-a-watpliwe-bezpieczenstwo-widzow-i-vip-ow\/\">Wspania\u0142a Defilada a w\u0105tpliwe bezpiecze\u0144stwo widz\u00f3w i&#8230; VIP-\u00f3w<\/a><\/h3>\n\n        <p class=\"d-sm-block d-md-none\"><a href=\"https:\/\/mil.link\/pl\/wspaniala-defilada-a-watpliwe-bezpieczenstwo-widzow-i-vip-ow\/\">Za nami Defilada w okazji \u015awi\u0119ta Wojska Polskiego, pierwsza w...<\/a><\/p>\n        \n        <p class=\"d-none d-md-block\"><a href=\"https:\/\/mil.link\/pl\/wspaniala-defilada-a-watpliwe-bezpieczenstwo-widzow-i-vip-ow\/\">Za nami Defilada w okazji \u015awi\u0119ta Wojska Polskiego, pierwsza w historii poza Warszaw\u0105. Tym razem w Katowicach, stolicy wojew\u00f3dztwa \u015bl\u0105skiego,...<\/a><\/p>\n\n      <\/div><!-- \/.carousel-caption -->\n\n    <\/div><!-- \/.carousel-item -->\n\n      \n    <div class=\"carousel-item\">\n\n      <img width=\"3000\" height=\"2000\" src=\"https:\/\/mil.link\/pl\/wp-content\/uploads\/2019\/06\/american-flag-military-patch-PRYGGKG-e1560108677772.jpg\" class=\"d-block w-100 carousel-image wp-post-image\" alt=\"\" loading=\"lazy\" title=\"Second Slide\" \/>\n      <div class=\"carousel-caption d-block\">\n\n        <h3><a href=\"https:\/\/mil.link\/pl\/kwestia-stalej-bazy-wojsk-amerykanskich-w-polsce\/\">Kwestia sta\u0142ej bazy wojsk ameryka\u0144skich w Polsce<\/a><\/h3>\n\n        <p class=\"d-sm-block d-md-none\"><a href=\"https:\/\/mil.link\/pl\/kwestia-stalej-bazy-wojsk-amerykanskich-w-polsce\/\">Od upadku komunizmu, Stany Zjednoczone s\u0105 uznawane przez wielu jako...<\/a><\/p>\n        \n        <p class=\"d-none d-md-block\"><a href=\"https:\/\/mil.link\/pl\/kwestia-stalej-bazy-wojsk-amerykanskich-w-polsce\/\">Od upadku komunizmu, Stany Zjednoczone s\u0105 uznawane przez wielu jako g\u0142\u00f3wny sojusznik Polski oraz gwarant jej suwerenno\u015bci i bezpiecze\u0144stwa. Od...<\/a><\/p>\n\n      <\/div><!-- \/.carousel-caption -->\n\n    <\/div><!-- \/.carousel-item -->\n\n      \n    <div class=\"carousel-item\">\n\n      <img width=\"3000\" height=\"2002\" src=\"https:\/\/mil.link\/pl\/wp-content\/uploads\/2019\/05\/man-in-black-mask-with-handgun-HEJNCX6-e1559054782419.jpg\" class=\"d-block w-100 carousel-image wp-post-image\" alt=\"\" loading=\"lazy\" title=\"Second Slide\" \/>\n      <div class=\"carousel-caption d-block\">\n\n        <h3><a href=\"https:\/\/mil.link\/pl\/rozprzestrzenianie-sie-prawicowego-terroryzmu\/\">Rozprzestrzenianie si\u0119 prawicowego terroryzmu<\/a><\/h3>\n\n        <p class=\"d-sm-block d-md-none\"><a href=\"https:\/\/mil.link\/pl\/rozprzestrzenianie-sie-prawicowego-terroryzmu\/\">Dla wielu terroryzm jest zjawiskiem kojarzonym przede wszystkim z islamskimi...<\/a><\/p>\n        \n        <p class=\"d-none d-md-block\"><a href=\"https:\/\/mil.link\/pl\/rozprzestrzenianie-sie-prawicowego-terroryzmu\/\">Dla wielu terroryzm jest zjawiskiem kojarzonym przede wszystkim z islamskimi ekstremistami, co jest poniek\u0105d zrozumia\u0142e, zwa\u017cywszy na fakt, i\u017c media...<\/a><\/p>\n\n      <\/div><!-- \/.carousel-caption -->\n\n    <\/div><!-- \/.carousel-item -->\n\n      \n    <div class=\"carousel-item\">\n\n      <img width=\"1280\" height=\"760\" src=\"https:\/\/mil.link\/pl\/wp-content\/uploads\/2018\/07\/computer-2930704_1280.jpg\" class=\"d-block w-100 carousel-image wp-post-image\" alt=\"\" loading=\"lazy\" title=\"Second Slide\" srcset=\"https:\/\/mil.link\/pl\/wp-content\/uploads\/2018\/07\/computer-2930704_1280.jpg 1280w, https:\/\/mil.link\/pl\/wp-content\/uploads\/2018\/07\/computer-2930704_1280-300x178.jpg 300w, https:\/\/mil.link\/pl\/wp-content\/uploads\/2018\/07\/computer-2930704_1280-768x456.jpg 768w, https:\/\/mil.link\/pl\/wp-content\/uploads\/2018\/07\/computer-2930704_1280-1024x608.jpg 1024w\" sizes=\"(max-width: 1280px) 100vw, 1280px\" \/>\n      <div class=\"carousel-caption d-block\">\n\n        <h3><a href=\"https:\/\/mil.link\/pl\/cyberbezpieczenstwo-jako-realny-i-globalny-problem\/\">Cyberbezpiecze\u0144stwo jako realny i globalny problem<\/a><\/h3>\n\n        <p class=\"d-sm-block d-md-none\"><a href=\"https:\/\/mil.link\/pl\/cyberbezpieczenstwo-jako-realny-i-globalny-problem\/\">Na pocz\u0105tku lipca polski system prawny wzbogacony zosta\u0142 o Ustaw\u0119...<\/a><\/p>\n        \n        <p class=\"d-none d-md-block\"><a href=\"https:\/\/mil.link\/pl\/cyberbezpieczenstwo-jako-realny-i-globalny-problem\/\">Na pocz\u0105tku lipca polski system prawny wzbogacony zosta\u0142 o Ustaw\u0119 o krajowym systemie cyberbezpiecze\u0144stwa. Najwa\u017cniejszy do tej pory akt prawny...<\/a><\/p>\n\n      <\/div><!-- \/.carousel-caption -->\n\n    <\/div><!-- \/.carousel-item -->\n\n      \n      \n  <\/div><!-- \/.carousel-inner -->\n\n    <a class=\"carousel-control-next\" href=\"#carousel\" role=\"button\" data-slide=\"next\">\n\n      <span class=\"carousel-control-next-icon\" aria-hidden=\"true\"><\/span>\n\n    <\/a>\n\n<\/div><!-- \/.carousel -->\n\n<div class=\"slice type4\">\n\n  <a href=\"category\/\"><h2 class=\"slice-title\">MIL.link - edycja polska<\/h2><\/a>\n\n  <div class=\"card-deck\">\n\n    \n    \n      <div class=\"card\">\n\n  <article id=\"post-4277\" class=\"post-4277 post type-post status-publish format-standard has-post-thumbnail hentry category-bezpieczenstwo tag-dezinformacja tag-leki tag-medycyna tag-reklama\">\n\n  <a href=\"https:\/\/mil.link\/pl\/reklama-farmaceutyczna-a-bezpieczenstwo-granice-pomiedzy-informacja-a-dezinformacja\/\"><img width=\"768\" height=\"509\" src=\"https:\/\/mil.link\/pl\/wp-content\/uploads\/2025\/02\/anxieties-257333_1920-768x509.jpg\" class=\"card-img wp-post-image\" alt=\"\" loading=\"lazy\" srcset=\"https:\/\/mil.link\/pl\/wp-content\/uploads\/2025\/02\/anxieties-257333_1920-768x509.jpg 768w, https:\/\/mil.link\/pl\/wp-content\/uploads\/2025\/02\/anxieties-257333_1920-300x199.jpg 300w, https:\/\/mil.link\/pl\/wp-content\/uploads\/2025\/02\/anxieties-257333_1920-1024x678.jpg 1024w, https:\/\/mil.link\/pl\/wp-content\/uploads\/2025\/02\/anxieties-257333_1920-1536x1018.jpg 1536w, https:\/\/mil.link\/pl\/wp-content\/uploads\/2025\/02\/anxieties-257333_1920.jpg 1920w\" sizes=\"(max-width: 768px) 100vw, 768px\" \/><\/a>\n\n  <div class=\"card-img-overlay\">\n\n    <h3 class=\"card-title\"><a href=\"https:\/\/mil.link\/pl\/reklama-farmaceutyczna-a-bezpieczenstwo-granice-pomiedzy-informacja-a-dezinformacja\/\">Reklama farmaceutyczna a bezpiecze\u0144stwo &#8211; granice pomi\u0119dzy informacj\u0105 a dezinformacj\u0105<\/a><\/h3>\n\n    <p class=\"card-meta\">\n\n            <span class=\"author\"><a href=\"https:\/\/mil.link\/pl\/author\/mariuszonisko\/\" title=\"Wpisy od Mariusz Onisko\" rel=\"author\">Mariusz Onisko<\/a><\/span>\n      <span class=\"date\">23 lutego 2025<\/span>\n\n    <\/p><!-- \/.card-meta -->\n\n  <\/div><!-- \/.card-img-overlay -->\n\n<\/article>\n\n<\/div><!-- \/.card -->\n\n    \n      <div class=\"card\">\n\n  <article id=\"post-4272\" class=\"post-4272 post type-post status-publish format-standard has-post-thumbnail hentry category-bezpieczenstwo tag-bezpieczenstwo tag-ochrona tag-security\">\n\n  <a href=\"https:\/\/mil.link\/pl\/ruszyla-kampania-bezcenne-bezpieczenstwo\/\"><img width=\"768\" height=\"512\" src=\"https:\/\/mil.link\/pl\/wp-content\/uploads\/2022\/10\/bodyworn-g794e49801_1920-768x512.jpg\" class=\"card-img wp-post-image\" alt=\"\" loading=\"lazy\" srcset=\"https:\/\/mil.link\/pl\/wp-content\/uploads\/2022\/10\/bodyworn-g794e49801_1920-768x512.jpg 768w, https:\/\/mil.link\/pl\/wp-content\/uploads\/2022\/10\/bodyworn-g794e49801_1920-300x200.jpg 300w, https:\/\/mil.link\/pl\/wp-content\/uploads\/2022\/10\/bodyworn-g794e49801_1920-1024x683.jpg 1024w, https:\/\/mil.link\/pl\/wp-content\/uploads\/2022\/10\/bodyworn-g794e49801_1920-1536x1024.jpg 1536w, https:\/\/mil.link\/pl\/wp-content\/uploads\/2022\/10\/bodyworn-g794e49801_1920.jpg 1920w\" sizes=\"(max-width: 768px) 100vw, 768px\" \/><\/a>\n\n  <div class=\"card-img-overlay\">\n\n    <h3 class=\"card-title\"><a href=\"https:\/\/mil.link\/pl\/ruszyla-kampania-bezcenne-bezpieczenstwo\/\">Ruszy\u0142a kampania &#8222;(Bez)cenne bezpiecze\u0144stwo&#8221;<\/a><\/h3>\n\n    <p class=\"card-meta\">\n\n            <span class=\"author\"><a href=\"https:\/\/mil.link\/pl\/author\/admin\/\" title=\"Wpisy od Artur Dubiel\" rel=\"author\">Artur Dubiel<\/a><\/span>\n      <span class=\"date\">13 pa\u017adziernika 2022<\/span>\n\n    <\/p><!-- \/.card-meta -->\n\n  <\/div><!-- \/.card-img-overlay -->\n\n<\/article>\n\n<\/div><!-- \/.card -->\n\n    \n      <div class=\"card\">\n\n  <article id=\"post-4263\" class=\"post-4263 post type-post status-publish format-standard has-post-thumbnail hentry category-bezpieczenstwo category-geopolityka tag-iran tag-jcpoa tag-porozumienie-nuklearne\">\n\n  <a href=\"https:\/\/mil.link\/pl\/porozumienie-nuklearne-jcpoa-pulapka-czy-narzedzie\/\"><img width=\"768\" height=\"432\" src=\"https:\/\/mil.link\/pl\/wp-content\/uploads\/2022\/09\/atom-gf7c7e6455_1920-768x432.jpg\" class=\"card-img wp-post-image\" alt=\"\" loading=\"lazy\" srcset=\"https:\/\/mil.link\/pl\/wp-content\/uploads\/2022\/09\/atom-gf7c7e6455_1920-768x432.jpg 768w, https:\/\/mil.link\/pl\/wp-content\/uploads\/2022\/09\/atom-gf7c7e6455_1920-300x169.jpg 300w, https:\/\/mil.link\/pl\/wp-content\/uploads\/2022\/09\/atom-gf7c7e6455_1920-1024x576.jpg 1024w, https:\/\/mil.link\/pl\/wp-content\/uploads\/2022\/09\/atom-gf7c7e6455_1920-1536x864.jpg 1536w, https:\/\/mil.link\/pl\/wp-content\/uploads\/2022\/09\/atom-gf7c7e6455_1920.jpg 1920w\" sizes=\"(max-width: 768px) 100vw, 768px\" \/><\/a>\n\n  <div class=\"card-img-overlay\">\n\n    <h3 class=\"card-title\"><a href=\"https:\/\/mil.link\/pl\/porozumienie-nuklearne-jcpoa-pulapka-czy-narzedzie\/\">Porozumienie nuklearne JCPoA &#8211; pu\u0142apka czy narz\u0119dzie?<\/a><\/h3>\n\n    <p class=\"card-meta\">\n\n            <span class=\"author\"><a href=\"https:\/\/mil.link\/pl\/author\/lukaszprzybyszewski\/\" title=\"Wpisy od \u0141ukasz Przybyszewski\" rel=\"author\">\u0141ukasz Przybyszewski<\/a><\/span>\n      <span class=\"date\">5 wrze\u015bnia 2022<\/span>\n\n    <\/p><!-- \/.card-meta -->\n\n  <\/div><!-- \/.card-img-overlay -->\n\n<\/article>\n\n<\/div><!-- \/.card -->\n\n    \n      <div class=\"card\">\n\n  <article id=\"post-4246\" class=\"post-4246 post type-post status-publish format-standard has-post-thumbnail hentry category-bezpieczenstwo category-geopolityka category-terroryzm tag-terroryzm tag-zawahiri\">\n\n  <a href=\"https:\/\/mil.link\/pl\/likwidacja-zawahiriego-to-sukces-ale-na-krotko\/\"><img width=\"768\" height=\"512\" src=\"https:\/\/mil.link\/pl\/wp-content\/uploads\/2022\/08\/gun-g8168099d0_1920-768x512.jpg\" class=\"card-img wp-post-image\" alt=\"\" loading=\"lazy\" srcset=\"https:\/\/mil.link\/pl\/wp-content\/uploads\/2022\/08\/gun-g8168099d0_1920-768x512.jpg 768w, https:\/\/mil.link\/pl\/wp-content\/uploads\/2022\/08\/gun-g8168099d0_1920-300x200.jpg 300w, https:\/\/mil.link\/pl\/wp-content\/uploads\/2022\/08\/gun-g8168099d0_1920-1024x683.jpg 1024w, https:\/\/mil.link\/pl\/wp-content\/uploads\/2022\/08\/gun-g8168099d0_1920-1536x1024.jpg 1536w, https:\/\/mil.link\/pl\/wp-content\/uploads\/2022\/08\/gun-g8168099d0_1920.jpg 1920w\" sizes=\"(max-width: 768px) 100vw, 768px\" \/><\/a>\n\n  <div class=\"card-img-overlay\">\n\n    <h3 class=\"card-title\"><a href=\"https:\/\/mil.link\/pl\/likwidacja-zawahiriego-to-sukces-ale-na-krotko\/\">Likwidacja Zawahiriego to sukces, ale na kr\u00f3tko<\/a><\/h3>\n\n    <p class=\"card-meta\">\n\n            <span class=\"author\"><a href=\"https:\/\/mil.link\/pl\/author\/lukaszprzybyszewski\/\" title=\"Wpisy od \u0141ukasz Przybyszewski\" rel=\"author\">\u0141ukasz Przybyszewski<\/a><\/span>\n      <span class=\"date\">8 sierpnia 2022<\/span>\n\n    <\/p><!-- \/.card-meta -->\n\n  <\/div><!-- \/.card-img-overlay -->\n\n<\/article>\n\n<\/div><!-- \/.card -->\n\n    \n      <div class=\"card\">\n\n  <article id=\"post-4240\" class=\"post-4240 post type-post status-publish format-standard has-post-thumbnail hentry category-bezpieczenstwo category-featured category-sluzby category-szpiegostwo tag-gru tag-wywiad tag-wywiad-wojskowy\">\n\n  <a href=\"https:\/\/mil.link\/pl\/cybernetyka-glupcze-czyli-o-tym-jak-gru-atakuje-polske\/\"><img width=\"768\" height=\"439\" src=\"https:\/\/mil.link\/pl\/wp-content\/uploads\/2021\/05\/robot-playing-a-game-of-chess-233TQKJ-768x439.jpg\" class=\"card-img wp-post-image\" alt=\"\" loading=\"lazy\" srcset=\"https:\/\/mil.link\/pl\/wp-content\/uploads\/2021\/05\/robot-playing-a-game-of-chess-233TQKJ-768x439.jpg 768w, https:\/\/mil.link\/pl\/wp-content\/uploads\/2021\/05\/robot-playing-a-game-of-chess-233TQKJ-300x171.jpg 300w, https:\/\/mil.link\/pl\/wp-content\/uploads\/2021\/05\/robot-playing-a-game-of-chess-233TQKJ-1024x585.jpg 1024w, https:\/\/mil.link\/pl\/wp-content\/uploads\/2021\/05\/robot-playing-a-game-of-chess-233TQKJ-1536x878.jpg 1536w, https:\/\/mil.link\/pl\/wp-content\/uploads\/2021\/05\/robot-playing-a-game-of-chess-233TQKJ-2048x1170.jpg 2048w\" sizes=\"(max-width: 768px) 100vw, 768px\" \/><\/a>\n\n  <div class=\"card-img-overlay\">\n\n    <h3 class=\"card-title\"><a href=\"https:\/\/mil.link\/pl\/cybernetyka-glupcze-czyli-o-tym-jak-gru-atakuje-polske\/\">Cybernetyka, g\u0142upcze! Czyli o tym, jak GRU atakuje Polsk\u0119<\/a><\/h3>\n\n    <p class=\"card-meta\">\n\n            <span class=\"author\"><a href=\"https:\/\/mil.link\/pl\/author\/admin\/\" title=\"Wpisy od Artur Dubiel\" rel=\"author\">Artur Dubiel<\/a><\/span>\n      <span class=\"date\">23 maja 2021<\/span>\n\n    <\/p><!-- \/.card-meta -->\n\n  <\/div><!-- \/.card-img-overlay -->\n\n<\/article>\n\n<\/div><!-- \/.card -->\n\n    \n      <div class=\"card\">\n\n  <article id=\"post-4230\" class=\"post-4230 post type-post status-publish format-standard has-post-thumbnail hentry category-bezpieczenstwo category-featured category-sluzby tag-geopolityka tag-operacje-psychologiczno-informacyjne tag-wywiad-wojskowy\">\n\n  <a href=\"https:\/\/mil.link\/pl\/szczepionkowe-operacje-informacyjno-psychologiczne\/\"><img width=\"768\" height=\"455\" src=\"https:\/\/mil.link\/pl\/wp-content\/uploads\/2021\/03\/globe-6002422_1280-768x455.jpg\" class=\"card-img wp-post-image\" alt=\"\" loading=\"lazy\" srcset=\"https:\/\/mil.link\/pl\/wp-content\/uploads\/2021\/03\/globe-6002422_1280-768x455.jpg 768w, https:\/\/mil.link\/pl\/wp-content\/uploads\/2021\/03\/globe-6002422_1280-300x178.jpg 300w, https:\/\/mil.link\/pl\/wp-content\/uploads\/2021\/03\/globe-6002422_1280-1024x607.jpg 1024w, https:\/\/mil.link\/pl\/wp-content\/uploads\/2021\/03\/globe-6002422_1280.jpg 1280w\" sizes=\"(max-width: 768px) 100vw, 768px\" \/><\/a>\n\n  <div class=\"card-img-overlay\">\n\n    <h3 class=\"card-title\"><a href=\"https:\/\/mil.link\/pl\/szczepionkowe-operacje-informacyjno-psychologiczne\/\">Szczepionkowe operacje informacyjno-psychologiczne<\/a><\/h3>\n\n    <p class=\"card-meta\">\n\n            <span class=\"author\"><a href=\"https:\/\/mil.link\/pl\/author\/admin\/\" title=\"Wpisy od Artur Dubiel\" rel=\"author\">Artur Dubiel<\/a><\/span>\n      <span class=\"date\">17 marca 2021<\/span>\n\n    <\/p><!-- \/.card-meta -->\n\n  <\/div><!-- \/.card-img-overlay -->\n\n<\/article>\n\n<\/div><!-- \/.card -->\n\n    \n      <div class=\"card\">\n\n  <article id=\"post-4222\" class=\"post-4222 post type-post status-publish format-standard has-post-thumbnail hentry category-bezpieczenstwo category-featured tag-koronawirus tag-strategia\">\n\n  <a href=\"https:\/\/mil.link\/pl\/covid-19-w-polsce-pytania-i-watpliwosci\/\"><img width=\"768\" height=\"512\" src=\"https:\/\/mil.link\/pl\/wp-content\/uploads\/2020\/04\/female-epidemiologist-using-medical-sample-test-tu-BUERTW8-768x512.jpg\" class=\"card-img wp-post-image\" alt=\"\" loading=\"lazy\" srcset=\"https:\/\/mil.link\/pl\/wp-content\/uploads\/2020\/04\/female-epidemiologist-using-medical-sample-test-tu-BUERTW8-768x512.jpg 768w, https:\/\/mil.link\/pl\/wp-content\/uploads\/2020\/04\/female-epidemiologist-using-medical-sample-test-tu-BUERTW8-300x200.jpg 300w, https:\/\/mil.link\/pl\/wp-content\/uploads\/2020\/04\/female-epidemiologist-using-medical-sample-test-tu-BUERTW8-1024x683.jpg 1024w, https:\/\/mil.link\/pl\/wp-content\/uploads\/2020\/04\/female-epidemiologist-using-medical-sample-test-tu-BUERTW8-1536x1024.jpg 1536w, https:\/\/mil.link\/pl\/wp-content\/uploads\/2020\/04\/female-epidemiologist-using-medical-sample-test-tu-BUERTW8-2048x1365.jpg 2048w\" sizes=\"(max-width: 768px) 100vw, 768px\" \/><\/a>\n\n  <div class=\"card-img-overlay\">\n\n    <h3 class=\"card-title\"><a href=\"https:\/\/mil.link\/pl\/covid-19-w-polsce-pytania-i-watpliwosci\/\">COVID-19 w Polsce &#8211; pytania i w\u0105tpliwo\u015bci<\/a><\/h3>\n\n    <p class=\"card-meta\">\n\n            <span class=\"author\"><a href=\"https:\/\/mil.link\/pl\/author\/admin\/\" title=\"Wpisy od Artur Dubiel\" rel=\"author\">Artur Dubiel<\/a><\/span>\n      <span class=\"date\">5 kwietnia 2020<\/span>\n\n    <\/p><!-- \/.card-meta -->\n\n  <\/div><!-- \/.card-img-overlay -->\n\n<\/article>\n\n<\/div><!-- \/.card -->\n\n    \n      <div class=\"card\">\n\n  <article id=\"post-4219\" class=\"post-4219 post type-post status-publish format-standard has-post-thumbnail hentry category-bezpieczenstwo category-cyberbezpieczenstwo category-featured tag-bezpieczenstwo-narodowe tag-cyberbezpieczenstwo tag-koronawirus\">\n\n  <a href=\"https:\/\/mil.link\/pl\/pilne-potrzeby-bezpieczenstwa-narodowego\/\"><img width=\"768\" height=\"497\" src=\"https:\/\/mil.link\/pl\/wp-content\/uploads\/2020\/03\/downtown-warsaw-at-night-PY5TWZG-768x497.jpg\" class=\"card-img wp-post-image\" alt=\"\" loading=\"lazy\" srcset=\"https:\/\/mil.link\/pl\/wp-content\/uploads\/2020\/03\/downtown-warsaw-at-night-PY5TWZG-768x497.jpg 768w, https:\/\/mil.link\/pl\/wp-content\/uploads\/2020\/03\/downtown-warsaw-at-night-PY5TWZG-300x194.jpg 300w, https:\/\/mil.link\/pl\/wp-content\/uploads\/2020\/03\/downtown-warsaw-at-night-PY5TWZG-1024x663.jpg 1024w, https:\/\/mil.link\/pl\/wp-content\/uploads\/2020\/03\/downtown-warsaw-at-night-PY5TWZG-1536x995.jpg 1536w, https:\/\/mil.link\/pl\/wp-content\/uploads\/2020\/03\/downtown-warsaw-at-night-PY5TWZG-2048x1326.jpg 2048w\" sizes=\"(max-width: 768px) 100vw, 768px\" \/><\/a>\n\n  <div class=\"card-img-overlay\">\n\n    <h3 class=\"card-title\"><a href=\"https:\/\/mil.link\/pl\/pilne-potrzeby-bezpieczenstwa-narodowego\/\">Pilne potrzeby bezpiecze\u0144stwa narodowego<\/a><\/h3>\n\n    <p class=\"card-meta\">\n\n            <span class=\"author\"><a href=\"https:\/\/mil.link\/pl\/author\/admin\/\" title=\"Wpisy od Artur Dubiel\" rel=\"author\">Artur Dubiel<\/a><\/span>\n      <span class=\"date\">31 marca 2020<\/span>\n\n    <\/p><!-- \/.card-meta -->\n\n  <\/div><!-- \/.card-img-overlay -->\n\n<\/article>\n\n<\/div><!-- \/.card -->\n\n    \n      <div class=\"card\">\n\n  <article id=\"post-4214\" class=\"post-4214 post type-post status-publish format-standard has-post-thumbnail hentry category-bezpieczenstwo category-featured category-geopolityka category-sluzby tag-geopolityka tag-polska tag-rosja\">\n\n  <a href=\"https:\/\/mil.link\/pl\/dlaczego-rosja-atakuje-polske-to-proste\/\"><img width=\"768\" height=\"508\" src=\"https:\/\/mil.link\/pl\/wp-content\/uploads\/2018\/01\/putin-2847423_1920-768x508.jpg\" class=\"card-img wp-post-image\" alt=\"\" loading=\"lazy\" srcset=\"https:\/\/mil.link\/pl\/wp-content\/uploads\/2018\/01\/putin-2847423_1920-768x508.jpg 768w, https:\/\/mil.link\/pl\/wp-content\/uploads\/2018\/01\/putin-2847423_1920-300x199.jpg 300w, https:\/\/mil.link\/pl\/wp-content\/uploads\/2018\/01\/putin-2847423_1920-1024x678.jpg 1024w, https:\/\/mil.link\/pl\/wp-content\/uploads\/2018\/01\/putin-2847423_1920-e1579826403403.jpg 1800w\" sizes=\"(max-width: 768px) 100vw, 768px\" \/><\/a>\n\n  <div class=\"card-img-overlay\">\n\n    <h3 class=\"card-title\"><a href=\"https:\/\/mil.link\/pl\/dlaczego-rosja-atakuje-polske-to-proste\/\">Dlaczego Rosja atakuje Polsk\u0119? To proste<\/a><\/h3>\n\n    <p class=\"card-meta\">\n\n            <span class=\"author\"><a href=\"https:\/\/mil.link\/pl\/author\/admin\/\" title=\"Wpisy od Artur Dubiel\" rel=\"author\">Artur Dubiel<\/a><\/span>\n      <span class=\"date\">24 stycznia 2020<\/span>\n\n    <\/p><!-- \/.card-meta -->\n\n  <\/div><!-- \/.card-img-overlay -->\n\n<\/article>\n\n<\/div><!-- \/.card -->\n\n    \n      <div class=\"card\">\n\n  <article id=\"post-4210\" class=\"post-4210 post type-post status-publish format-standard has-post-thumbnail hentry category-bezpieczenstwo category-featured category-sluzby category-szpiegostwo tag-intelligence tag-kontrwywiad tag-sluzby-specjalne tag-wywiad\">\n\n  <a href=\"https:\/\/mil.link\/pl\/polskie-sluzby-specjalne-potrzeba-zmian-systemowych\/\"><img width=\"768\" height=\"576\" src=\"https:\/\/mil.link\/pl\/wp-content\/uploads\/2020\/01\/mil-link-abw-768x576.jpg\" class=\"card-img wp-post-image\" alt=\"\" loading=\"lazy\" srcset=\"https:\/\/mil.link\/pl\/wp-content\/uploads\/2020\/01\/mil-link-abw-768x576.jpg 768w, https:\/\/mil.link\/pl\/wp-content\/uploads\/2020\/01\/mil-link-abw-300x225.jpg 300w, https:\/\/mil.link\/pl\/wp-content\/uploads\/2020\/01\/mil-link-abw-1024x768.jpg 1024w\" sizes=\"(max-width: 768px) 100vw, 768px\" \/><\/a>\n\n  <div class=\"card-img-overlay\">\n\n    <h3 class=\"card-title\"><a href=\"https:\/\/mil.link\/pl\/polskie-sluzby-specjalne-potrzeba-zmian-systemowych\/\">Polskie s\u0142u\u017cby specjalne &#8211; potrzeba zmian systemowych<\/a><\/h3>\n\n    <p class=\"card-meta\">\n\n            <span class=\"author\"><a href=\"https:\/\/mil.link\/pl\/author\/admin\/\" title=\"Wpisy od Artur Dubiel\" rel=\"author\">Artur Dubiel<\/a><\/span>\n      <span class=\"date\">14 stycznia 2020<\/span>\n\n    <\/p><!-- \/.card-meta -->\n\n  <\/div><!-- \/.card-img-overlay -->\n\n<\/article>\n\n<\/div><!-- \/.card -->\n\n    \n      <div class=\"card\">\n\n  <article id=\"post-4206\" class=\"post-4206 post type-post status-publish format-standard has-post-thumbnail hentry category-bezpieczenstwo category-geopolityka category-terroryzm tag-irak tag-isis tag-terroryzm\">\n\n  <a href=\"https:\/\/mil.link\/pl\/isis-nadal-obecne-w-iraku\/\"><img width=\"768\" height=\"576\" src=\"https:\/\/mil.link\/pl\/wp-content\/uploads\/2019\/11\/mujahid-PVSYSSR-768x576.jpg\" class=\"card-img wp-post-image\" alt=\"\" loading=\"lazy\" srcset=\"https:\/\/mil.link\/pl\/wp-content\/uploads\/2019\/11\/mujahid-PVSYSSR-768x576.jpg 768w, https:\/\/mil.link\/pl\/wp-content\/uploads\/2019\/11\/mujahid-PVSYSSR-300x225.jpg 300w, https:\/\/mil.link\/pl\/wp-content\/uploads\/2019\/11\/mujahid-PVSYSSR-1024x768.jpg 1024w\" sizes=\"(max-width: 768px) 100vw, 768px\" \/><\/a>\n\n  <div class=\"card-img-overlay\">\n\n    <h3 class=\"card-title\"><a href=\"https:\/\/mil.link\/pl\/isis-nadal-obecne-w-iraku\/\">ISIS nadal obecne w Iraku<\/a><\/h3>\n\n    <p class=\"card-meta\">\n\n            <span class=\"author\"><a href=\"https:\/\/mil.link\/pl\/author\/alanlis\/\" title=\"Wpisy od Alan Lis\" rel=\"author\">Alan Lis<\/a><\/span>\n      <span class=\"date\">5 listopada 2019<\/span>\n\n    <\/p><!-- \/.card-meta -->\n\n  <\/div><!-- \/.card-img-overlay -->\n\n<\/article>\n\n<\/div><!-- \/.card -->\n\n    \n      <div class=\"card\">\n\n  <article id=\"post-4199\" class=\"post-4199 post type-post status-publish format-standard has-post-thumbnail hentry category-bezpieczenstwo category-featured category-sluzby tag-bezpieczenstwo tag-defilada tag-powstania-slaskie tag-swieto tag-wojsko-polskie\">\n\n  <a href=\"https:\/\/mil.link\/pl\/wspaniala-defilada-a-watpliwe-bezpieczenstwo-widzow-i-vip-ow\/\"><img width=\"768\" height=\"512\" src=\"https:\/\/mil.link\/pl\/wp-content\/uploads\/2019\/08\/68696698_2399782160089363_7291664354645114880_o-768x512.jpg\" class=\"card-img wp-post-image\" alt=\"\" loading=\"lazy\" srcset=\"https:\/\/mil.link\/pl\/wp-content\/uploads\/2019\/08\/68696698_2399782160089363_7291664354645114880_o-768x512.jpg 768w, https:\/\/mil.link\/pl\/wp-content\/uploads\/2019\/08\/68696698_2399782160089363_7291664354645114880_o-300x200.jpg 300w, https:\/\/mil.link\/pl\/wp-content\/uploads\/2019\/08\/68696698_2399782160089363_7291664354645114880_o-1024x683.jpg 1024w, https:\/\/mil.link\/pl\/wp-content\/uploads\/2019\/08\/68696698_2399782160089363_7291664354645114880_o.jpg 1650w\" sizes=\"(max-width: 768px) 100vw, 768px\" \/><\/a>\n\n  <div class=\"card-img-overlay\">\n\n    <h3 class=\"card-title\"><a href=\"https:\/\/mil.link\/pl\/wspaniala-defilada-a-watpliwe-bezpieczenstwo-widzow-i-vip-ow\/\">Wspania\u0142a Defilada a w\u0105tpliwe bezpiecze\u0144stwo widz\u00f3w i&#8230; VIP-\u00f3w<\/a><\/h3>\n\n    <p class=\"card-meta\">\n\n            <span class=\"author\"><a href=\"https:\/\/mil.link\/pl\/author\/admin\/\" title=\"Wpisy od Artur Dubiel\" rel=\"author\">Artur Dubiel<\/a><\/span>\n      <span class=\"date\">15 sierpnia 2019<\/span>\n\n    <\/p><!-- \/.card-meta -->\n\n  <\/div><!-- \/.card-img-overlay -->\n\n<\/article>\n\n<\/div><!-- \/.card -->\n\n    \n      <div class=\"card\">\n\n  <article id=\"post-4193\" class=\"post-4193 post type-post status-publish format-standard has-post-thumbnail hentry category-terroryzm tag-dzihadysci tag-isis tag-terroryzm\">\n\n  <a href=\"https:\/\/mil.link\/pl\/karanie-schwytanych-dzihadystow\/\"><img width=\"768\" height=\"512\" src=\"https:\/\/mil.link\/pl\/wp-content\/uploads\/2019\/07\/law-and-justice-in-united-states-of-america-82BQPX7-768x512.jpg\" class=\"card-img wp-post-image\" alt=\"\" loading=\"lazy\" srcset=\"https:\/\/mil.link\/pl\/wp-content\/uploads\/2019\/07\/law-and-justice-in-united-states-of-america-82BQPX7-768x512.jpg 768w, https:\/\/mil.link\/pl\/wp-content\/uploads\/2019\/07\/law-and-justice-in-united-states-of-america-82BQPX7-300x200.jpg 300w, https:\/\/mil.link\/pl\/wp-content\/uploads\/2019\/07\/law-and-justice-in-united-states-of-america-82BQPX7-1024x683.jpg 1024w\" sizes=\"(max-width: 768px) 100vw, 768px\" \/><\/a>\n\n  <div class=\"card-img-overlay\">\n\n    <h3 class=\"card-title\"><a href=\"https:\/\/mil.link\/pl\/karanie-schwytanych-dzihadystow\/\">Karanie schwytanych d\u017cihadyst\u00f3w<\/a><\/h3>\n\n    <p class=\"card-meta\">\n\n            <span class=\"author\"><a href=\"https:\/\/mil.link\/pl\/author\/alanlis\/\" title=\"Wpisy od Alan Lis\" rel=\"author\">Alan Lis<\/a><\/span>\n      <span class=\"date\">7 lipca 2019<\/span>\n\n    <\/p><!-- \/.card-meta -->\n\n  <\/div><!-- \/.card-img-overlay -->\n\n<\/article>\n\n<\/div><!-- \/.card -->\n\n    \n      <div class=\"card\">\n\n  <article id=\"post-4186\" class=\"post-4186 post type-post status-publish format-standard has-post-thumbnail hentry category-bezpieczenstwo category-featured category-geopolityka tag-bazy tag-fort-trump tag-trump\">\n\n  <a href=\"https:\/\/mil.link\/pl\/kwestia-stalej-bazy-wojsk-amerykanskich-w-polsce\/\"><img width=\"768\" height=\"512\" src=\"https:\/\/mil.link\/pl\/wp-content\/uploads\/2019\/06\/american-flag-military-patch-PRYGGKG-768x512.jpg\" class=\"card-img wp-post-image\" alt=\"\" loading=\"lazy\" srcset=\"https:\/\/mil.link\/pl\/wp-content\/uploads\/2019\/06\/american-flag-military-patch-PRYGGKG-768x512.jpg 768w, https:\/\/mil.link\/pl\/wp-content\/uploads\/2019\/06\/american-flag-military-patch-PRYGGKG-300x200.jpg 300w, https:\/\/mil.link\/pl\/wp-content\/uploads\/2019\/06\/american-flag-military-patch-PRYGGKG-1024x683.jpg 1024w\" sizes=\"(max-width: 768px) 100vw, 768px\" \/><\/a>\n\n  <div class=\"card-img-overlay\">\n\n    <h3 class=\"card-title\"><a href=\"https:\/\/mil.link\/pl\/kwestia-stalej-bazy-wojsk-amerykanskich-w-polsce\/\">Kwestia sta\u0142ej bazy wojsk ameryka\u0144skich w Polsce<\/a><\/h3>\n\n    <p class=\"card-meta\">\n\n            <span class=\"author\"><a href=\"https:\/\/mil.link\/pl\/author\/alanlis\/\" title=\"Wpisy od Alan Lis\" rel=\"author\">Alan Lis<\/a><\/span>\n      <span class=\"date\">9 czerwca 2019<\/span>\n\n    <\/p><!-- \/.card-meta -->\n\n  <\/div><!-- \/.card-img-overlay -->\n\n<\/article>\n\n<\/div><!-- \/.card -->\n\n    \n      <div class=\"card\">\n\n  <article id=\"post-4160\" class=\"post-4160 post type-post status-publish format-standard has-post-thumbnail hentry category-featured category-terroryzm tag-ekstremizm tag-radykalizm tag-terroryzm\">\n\n  <a href=\"https:\/\/mil.link\/pl\/rozprzestrzenianie-sie-prawicowego-terroryzmu\/\"><img width=\"768\" height=\"513\" src=\"https:\/\/mil.link\/pl\/wp-content\/uploads\/2019\/05\/man-in-black-mask-with-handgun-HEJNCX6-768x513.jpg\" class=\"card-img wp-post-image\" alt=\"\" loading=\"lazy\" srcset=\"https:\/\/mil.link\/pl\/wp-content\/uploads\/2019\/05\/man-in-black-mask-with-handgun-HEJNCX6-768x513.jpg 768w, https:\/\/mil.link\/pl\/wp-content\/uploads\/2019\/05\/man-in-black-mask-with-handgun-HEJNCX6-300x200.jpg 300w, https:\/\/mil.link\/pl\/wp-content\/uploads\/2019\/05\/man-in-black-mask-with-handgun-HEJNCX6-1024x683.jpg 1024w\" sizes=\"(max-width: 768px) 100vw, 768px\" \/><\/a>\n\n  <div class=\"card-img-overlay\">\n\n    <h3 class=\"card-title\"><a href=\"https:\/\/mil.link\/pl\/rozprzestrzenianie-sie-prawicowego-terroryzmu\/\">Rozprzestrzenianie si\u0119 prawicowego terroryzmu<\/a><\/h3>\n\n    <p class=\"card-meta\">\n\n            <span class=\"author\"><a href=\"https:\/\/mil.link\/pl\/author\/alanlis\/\" title=\"Wpisy od Alan Lis\" rel=\"author\">Alan Lis<\/a><\/span>\n      <span class=\"date\">28 maja 2019<\/span>\n\n    <\/p><!-- \/.card-meta -->\n\n  <\/div><!-- \/.card-img-overlay -->\n\n<\/article>\n\n<\/div><!-- \/.card -->\n\n    \n      <div class=\"card\">\n\n  <article id=\"post-4153\" class=\"post-4153 post type-post status-publish format-standard has-post-thumbnail hentry category-bezpieczenstwo category-szpiegostwo tag-eagle-dynamics tag-gry tag-symulator\">\n\n  <a href=\"https:\/\/mil.link\/pl\/gry-symulatory-instrukcje-i-szpiegostwo\/\"><img width=\"768\" height=\"512\" src=\"https:\/\/mil.link\/pl\/wp-content\/uploads\/2019\/05\/f-16-falcon-jet-fighters-in-clouds-PMAWPGF-768x512.jpg\" class=\"card-img wp-post-image\" alt=\"\" loading=\"lazy\" srcset=\"https:\/\/mil.link\/pl\/wp-content\/uploads\/2019\/05\/f-16-falcon-jet-fighters-in-clouds-PMAWPGF-768x512.jpg 768w, https:\/\/mil.link\/pl\/wp-content\/uploads\/2019\/05\/f-16-falcon-jet-fighters-in-clouds-PMAWPGF-300x200.jpg 300w, https:\/\/mil.link\/pl\/wp-content\/uploads\/2019\/05\/f-16-falcon-jet-fighters-in-clouds-PMAWPGF-1024x683.jpg 1024w\" sizes=\"(max-width: 768px) 100vw, 768px\" \/><\/a>\n\n  <div class=\"card-img-overlay\">\n\n    <h3 class=\"card-title\"><a href=\"https:\/\/mil.link\/pl\/gry-symulatory-instrukcje-i-szpiegostwo\/\">Gry, symulatory, instrukcje i szpiegostwo<\/a><\/h3>\n\n    <p class=\"card-meta\">\n\n            <span class=\"author\"><a href=\"https:\/\/mil.link\/pl\/author\/rajmateusz\/\" title=\"Wpisy od Mateusz Raj\" rel=\"author\">Mateusz Raj<\/a><\/span>\n      <span class=\"date\">25 maja 2019<\/span>\n\n    <\/p><!-- \/.card-meta -->\n\n  <\/div><!-- \/.card-img-overlay -->\n\n<\/article>\n\n<\/div><!-- \/.card -->\n\n    \n      <div class=\"card\">\n\n  <article id=\"post-4148\" class=\"post-4148 post type-post status-publish format-standard has-post-thumbnail hentry category-geopolityka tag-iran tag-usa\">\n\n  <a href=\"https:\/\/mil.link\/pl\/napiecia-na-linii-waszyngton-teheran\/\"><img width=\"768\" height=\"512\" src=\"https:\/\/mil.link\/pl\/wp-content\/uploads\/2019\/05\/ruins-of-the-zoroastrian-fire-temple-in-yazd-PW3ET7B-768x512.jpg\" class=\"card-img wp-post-image\" alt=\"\" loading=\"lazy\" srcset=\"https:\/\/mil.link\/pl\/wp-content\/uploads\/2019\/05\/ruins-of-the-zoroastrian-fire-temple-in-yazd-PW3ET7B-768x512.jpg 768w, https:\/\/mil.link\/pl\/wp-content\/uploads\/2019\/05\/ruins-of-the-zoroastrian-fire-temple-in-yazd-PW3ET7B-300x200.jpg 300w, https:\/\/mil.link\/pl\/wp-content\/uploads\/2019\/05\/ruins-of-the-zoroastrian-fire-temple-in-yazd-PW3ET7B-1024x683.jpg 1024w\" sizes=\"(max-width: 768px) 100vw, 768px\" \/><\/a>\n\n  <div class=\"card-img-overlay\">\n\n    <h3 class=\"card-title\"><a href=\"https:\/\/mil.link\/pl\/napiecia-na-linii-waszyngton-teheran\/\">Napi\u0119cia na linii Waszyngton &#8211; Teheran<\/a><\/h3>\n\n    <p class=\"card-meta\">\n\n            <span class=\"author\"><a href=\"https:\/\/mil.link\/pl\/author\/alanlis\/\" title=\"Wpisy od Alan Lis\" rel=\"author\">Alan Lis<\/a><\/span>\n      <span class=\"date\">17 maja 2019<\/span>\n\n    <\/p><!-- \/.card-meta -->\n\n  <\/div><!-- \/.card-img-overlay -->\n\n<\/article>\n\n<\/div><!-- \/.card -->\n\n    \n      <div class=\"card\">\n\n  <article id=\"post-4143\" class=\"post-4143 post type-post status-publish format-standard has-post-thumbnail hentry category-terroryzm tag-isis tag-panstwo-islamskie tag-terroryzm\">\n\n  <a href=\"https:\/\/mil.link\/pl\/shamima-begun-i-kwestia-dzihadystow-z-zachodu\/\"><img width=\"768\" height=\"512\" src=\"https:\/\/mil.link\/pl\/wp-content\/uploads\/2019\/04\/army-2708717_1920-768x512.jpg\" class=\"card-img wp-post-image\" alt=\"\" loading=\"lazy\" srcset=\"https:\/\/mil.link\/pl\/wp-content\/uploads\/2019\/04\/army-2708717_1920-768x512.jpg 768w, https:\/\/mil.link\/pl\/wp-content\/uploads\/2019\/04\/army-2708717_1920-300x200.jpg 300w, https:\/\/mil.link\/pl\/wp-content\/uploads\/2019\/04\/army-2708717_1920-1024x683.jpg 1024w, https:\/\/mil.link\/pl\/wp-content\/uploads\/2019\/04\/army-2708717_1920.jpg 1920w\" sizes=\"(max-width: 768px) 100vw, 768px\" \/><\/a>\n\n  <div class=\"card-img-overlay\">\n\n    <h3 class=\"card-title\"><a href=\"https:\/\/mil.link\/pl\/shamima-begun-i-kwestia-dzihadystow-z-zachodu\/\">Shamima Begun i kwestia d\u017cihadyst\u00f3w z zachodu<\/a><\/h3>\n\n    <p class=\"card-meta\">\n\n            <span class=\"author\"><a href=\"https:\/\/mil.link\/pl\/author\/alanlis\/\" title=\"Wpisy od Alan Lis\" rel=\"author\">Alan Lis<\/a><\/span>\n      <span class=\"date\">15 kwietnia 2019<\/span>\n\n    <\/p><!-- \/.card-meta -->\n\n  <\/div><!-- \/.card-img-overlay -->\n\n<\/article>\n\n<\/div><!-- \/.card -->\n\n    \n      <div class=\"card\">\n\n  <article id=\"post-4137\" class=\"post-4137 post type-post status-publish format-standard has-post-thumbnail hentry category-bezpieczenstwo category-geopolityka category-konflikty tag-syria tag-trump tag-usa tag-wojna\">\n\n  <a href=\"https:\/\/mil.link\/pl\/usa-wycofuja-swoje-wojska-z-syrii\/\"><img width=\"768\" height=\"265\" src=\"https:\/\/mil.link\/pl\/wp-content\/uploads\/2019\/02\/trump-2546104_1920-768x265.jpg\" class=\"card-img wp-post-image\" alt=\"\" loading=\"lazy\" srcset=\"https:\/\/mil.link\/pl\/wp-content\/uploads\/2019\/02\/trump-2546104_1920-768x265.jpg 768w, https:\/\/mil.link\/pl\/wp-content\/uploads\/2019\/02\/trump-2546104_1920-300x103.jpg 300w, https:\/\/mil.link\/pl\/wp-content\/uploads\/2019\/02\/trump-2546104_1920-1024x353.jpg 1024w, https:\/\/mil.link\/pl\/wp-content\/uploads\/2019\/02\/trump-2546104_1920.jpg 1920w\" sizes=\"(max-width: 768px) 100vw, 768px\" \/><\/a>\n\n  <div class=\"card-img-overlay\">\n\n    <h3 class=\"card-title\"><a href=\"https:\/\/mil.link\/pl\/usa-wycofuja-swoje-wojska-z-syrii\/\">USA wycofuj\u0105 swoje wojska z Syrii<\/a><\/h3>\n\n    <p class=\"card-meta\">\n\n            <span class=\"author\"><a href=\"https:\/\/mil.link\/pl\/author\/alanlis\/\" title=\"Wpisy od Alan Lis\" rel=\"author\">Alan Lis<\/a><\/span>\n      <span class=\"date\">25 lutego 2019<\/span>\n\n    <\/p><!-- \/.card-meta -->\n\n  <\/div><!-- \/.card-img-overlay -->\n\n<\/article>\n\n<\/div><!-- \/.card -->\n\n    \n      <div class=\"card\">\n\n  <article id=\"post-4127\" class=\"post-4127 post type-post status-publish format-standard has-post-thumbnail hentry category-bezpieczenstwo category-terroryzm tag-obrona-cywilna tag-renegade tag-syreny-alarmowe tag-system-obronny-panstwa tag-zarzadzanie-kryzysowe\">\n\n  <a href=\"https:\/\/mil.link\/pl\/renegade-czyli-dlaczego-znow-zawyja-syreny\/\"><img width=\"768\" height=\"341\" src=\"https:\/\/mil.link\/pl\/wp-content\/uploads\/2018\/11\/air-air-travel-airbus-358319-768x341.jpg\" class=\"card-img wp-post-image\" alt=\"\" loading=\"lazy\" srcset=\"https:\/\/mil.link\/pl\/wp-content\/uploads\/2018\/11\/air-air-travel-airbus-358319-768x341.jpg 768w, https:\/\/mil.link\/pl\/wp-content\/uploads\/2018\/11\/air-air-travel-airbus-358319-300x133.jpg 300w, https:\/\/mil.link\/pl\/wp-content\/uploads\/2018\/11\/air-air-travel-airbus-358319-1024x455.jpg 1024w\" sizes=\"(max-width: 768px) 100vw, 768px\" \/><\/a>\n\n  <div class=\"card-img-overlay\">\n\n    <h3 class=\"card-title\"><a href=\"https:\/\/mil.link\/pl\/renegade-czyli-dlaczego-znow-zawyja-syreny\/\">Renegade, czyli dlaczego zn\u00f3w zawyj\u0105 syreny<\/a><\/h3>\n\n    <p class=\"card-meta\">\n\n            <span class=\"author\"><a href=\"https:\/\/mil.link\/pl\/author\/michalmisko\/\" title=\"Wpisy od Micha\u0142 Mi\u015bko\" rel=\"author\">Micha\u0142 Mi\u015bko<\/a><\/span>\n      <span class=\"date\">13 listopada 2018<\/span>\n\n    <\/p><!-- \/.card-meta -->\n\n  <\/div><!-- \/.card-img-overlay -->\n\n<\/article>\n\n<\/div><!-- \/.card -->\n\n    \n    \n    \n  <\/div><!-- \/.card-deck -->\n\n<\/div><!-- \/.slice type4 -->\n\n<p>&nbsp;<\/p>\n","protected":false},"excerpt":{"rendered":"<p>&nbsp;<\/p>\n","protected":false},"author":1,"featured_media":0,"parent":0,"menu_order":0,"comment_status":"closed","ping_status":"closed","template":"page-notitle.php","meta":[],"yoast_head":"<!-- This site is optimized with the Yoast SEO plugin v19.8 - https:\/\/yoast.com\/wordpress\/plugins\/seo\/ -->\n<title>Home | MIL.link - edycja polska<\/title>\n<meta name=\"robots\" content=\"index, follow, max-snippet:-1, max-image-preview:large, max-video-preview:-1\" \/>\n<link rel=\"canonical\" href=\"https:\/\/mil.link\/pl\/\" \/>\n<meta property=\"og:locale\" content=\"pl_PL\" \/>\n<meta property=\"og:type\" content=\"article\" \/>\n<meta property=\"og:title\" content=\"Home | MIL.link - edycja polska\" \/>\n<meta property=\"og:description\" content=\"&nbsp;\" \/>\n<meta property=\"og:url\" content=\"https:\/\/mil.link\/pl\/\" \/>\n<meta property=\"og:site_name\" content=\"MIL.link - edycja polska\" \/>\n<meta property=\"article:publisher\" content=\"https:\/\/www.facebook.com\/mildotlink\/\" \/>\n<meta property=\"article:modified_time\" content=\"2018-04-11T17:51:41+00:00\" \/>\n<meta name=\"twitter:card\" content=\"summary_large_image\" \/>\n<meta name=\"twitter:site\" content=\"@mildotlink\" \/>\n<script type=\"application\/ld+json\" class=\"yoast-schema-graph\">{\"@context\":\"https:\/\/schema.org\",\"@graph\":[{\"@type\":\"WebPage\",\"@id\":\"https:\/\/mil.link\/pl\/\",\"url\":\"https:\/\/mil.link\/pl\/\",\"name\":\"Home | MIL.link - edycja polska\",\"isPartOf\":{\"@id\":\"https:\/\/mil.link\/pl\/#website\"},\"datePublished\":\"2018-04-08T01:23:31+00:00\",\"dateModified\":\"2018-04-11T17:51:41+00:00\",\"breadcrumb\":{\"@id\":\"https:\/\/mil.link\/pl\/#breadcrumb\"},\"inLanguage\":\"pl-PL\",\"potentialAction\":[{\"@type\":\"ReadAction\",\"target\":[\"https:\/\/mil.link\/pl\/\"]}]},{\"@type\":\"BreadcrumbList\",\"@id\":\"https:\/\/mil.link\/pl\/#breadcrumb\",\"itemListElement\":[{\"@type\":\"ListItem\",\"position\":1,\"name\":\"Strona g\u0142\u00f3wna\",\"item\":\"https:\/\/mil.link\/pl\/\"},{\"@type\":\"ListItem\",\"position\":2,\"name\":\"Home\"}]},{\"@type\":\"WebSite\",\"@id\":\"https:\/\/mil.link\/pl\/#website\",\"url\":\"https:\/\/mil.link\/pl\/\",\"name\":\"MIL.link - edycja polska\",\"description\":\"\",\"publisher\":{\"@id\":\"https:\/\/mil.link\/pl\/#organization\"},\"potentialAction\":[{\"@type\":\"SearchAction\",\"target\":{\"@type\":\"EntryPoint\",\"urlTemplate\":\"https:\/\/mil.link\/pl\/?s={search_term_string}\"},\"query-input\":\"required name=search_term_string\"}],\"inLanguage\":\"pl-PL\"},{\"@type\":\"Organization\",\"@id\":\"https:\/\/mil.link\/pl\/#organization\",\"name\":\"mil.link\",\"url\":\"https:\/\/mil.link\/pl\/\",\"sameAs\":[\"https:\/\/www.facebook.com\/mildotlink\/\",\"https:\/\/twitter.com\/mildotlink\"],\"logo\":{\"@type\":\"ImageObject\",\"inLanguage\":\"pl-PL\",\"@id\":\"https:\/\/mil.link\/pl\/#\/schema\/logo\/image\/\",\"url\":\"https:\/\/mil.link\/pl\/wp-content\/uploads\/2018\/04\/millink.png\",\"contentUrl\":\"https:\/\/mil.link\/pl\/wp-content\/uploads\/2018\/04\/millink.png\",\"width\":317,\"height\":93,\"caption\":\"mil.link\"},\"image\":{\"@id\":\"https:\/\/mil.link\/pl\/#\/schema\/logo\/image\/\"}}]}<\/script>\n<!-- \/ Yoast SEO plugin. -->","yoast_head_json":{"title":"Home | MIL.link - edycja polska","robots":{"index":"index","follow":"follow","max-snippet":"max-snippet:-1","max-image-preview":"max-image-preview:large","max-video-preview":"max-video-preview:-1"},"canonical":"https:\/\/mil.link\/pl\/","og_locale":"pl_PL","og_type":"article","og_title":"Home | MIL.link - edycja polska","og_description":"&nbsp;","og_url":"https:\/\/mil.link\/pl\/","og_site_name":"MIL.link - edycja polska","article_publisher":"https:\/\/www.facebook.com\/mildotlink\/","article_modified_time":"2018-04-11T17:51:41+00:00","twitter_card":"summary_large_image","twitter_site":"@mildotlink","schema":{"@context":"https:\/\/schema.org","@graph":[{"@type":"WebPage","@id":"https:\/\/mil.link\/pl\/","url":"https:\/\/mil.link\/pl\/","name":"Home | MIL.link - edycja polska","isPartOf":{"@id":"https:\/\/mil.link\/pl\/#website"},"datePublished":"2018-04-08T01:23:31+00:00","dateModified":"2018-04-11T17:51:41+00:00","breadcrumb":{"@id":"https:\/\/mil.link\/pl\/#breadcrumb"},"inLanguage":"pl-PL","potentialAction":[{"@type":"ReadAction","target":["https:\/\/mil.link\/pl\/"]}]},{"@type":"BreadcrumbList","@id":"https:\/\/mil.link\/pl\/#breadcrumb","itemListElement":[{"@type":"ListItem","position":1,"name":"Strona g\u0142\u00f3wna","item":"https:\/\/mil.link\/pl\/"},{"@type":"ListItem","position":2,"name":"Home"}]},{"@type":"WebSite","@id":"https:\/\/mil.link\/pl\/#website","url":"https:\/\/mil.link\/pl\/","name":"MIL.link - edycja polska","description":"","publisher":{"@id":"https:\/\/mil.link\/pl\/#organization"},"potentialAction":[{"@type":"SearchAction","target":{"@type":"EntryPoint","urlTemplate":"https:\/\/mil.link\/pl\/?s={search_term_string}"},"query-input":"required name=search_term_string"}],"inLanguage":"pl-PL"},{"@type":"Organization","@id":"https:\/\/mil.link\/pl\/#organization","name":"mil.link","url":"https:\/\/mil.link\/pl\/","sameAs":["https:\/\/www.facebook.com\/mildotlink\/","https:\/\/twitter.com\/mildotlink"],"logo":{"@type":"ImageObject","inLanguage":"pl-PL","@id":"https:\/\/mil.link\/pl\/#\/schema\/logo\/image\/","url":"https:\/\/mil.link\/pl\/wp-content\/uploads\/2018\/04\/millink.png","contentUrl":"https:\/\/mil.link\/pl\/wp-content\/uploads\/2018\/04\/millink.png","width":317,"height":93,"caption":"mil.link"},"image":{"@id":"https:\/\/mil.link\/pl\/#\/schema\/logo\/image\/"}}]}},"_links":{"self":[{"href":"https:\/\/mil.link\/pl\/wp-json\/wp\/v2\/pages\/3571"}],"collection":[{"href":"https:\/\/mil.link\/pl\/wp-json\/wp\/v2\/pages"}],"about":[{"href":"https:\/\/mil.link\/pl\/wp-json\/wp\/v2\/types\/page"}],"author":[{"embeddable":true,"href":"https:\/\/mil.link\/pl\/wp-json\/wp\/v2\/users\/1"}],"replies":[{"embeddable":true,"href":"https:\/\/mil.link\/pl\/wp-json\/wp\/v2\/comments?post=3571"}],"version-history":[{"count":16,"href":"https:\/\/mil.link\/pl\/wp-json\/wp\/v2\/pages\/3571\/revisions"}],"predecessor-version":[{"id":3958,"href":"https:\/\/mil.link\/pl\/wp-json\/wp\/v2\/pages\/3571\/revisions\/3958"}],"wp:attachment":[{"href":"https:\/\/mil.link\/pl\/wp-json\/wp\/v2\/media?parent=3571"}],"curies":[{"name":"wp","href":"https:\/\/api.w.org\/{rel}","templated":true}]}}